{"id":1845,"date":"2015-07-16T10:35:22","date_gmt":"2015-07-16T10:35:22","guid":{"rendered":"http:\/\/www.couleur-caramel.com\/?page_id=1845"},"modified":"2015-07-22T08:48:43","modified_gmt":"2015-07-22T08:48:43","slug":"glamour-side","status":"publish","type":"page","link":"https:\/\/www.couleurcaramel.ca\/en\/bio-news-en\/glamour-side\/","title":{"rendered":"GLAMOUR SIDE"},"content":{"rendered":"<div id='av_section_1'  class='avia-section av-av_section-10926e59b1fabf9432c27c4ed9acf612 main_color avia-section-default avia-shadow  avia-builder-el-0  el_before_av_one_full  avia-builder-el-first  avia-bg-style-scroll container_wrap sidebar_right'  ><div class='container av-section-cont-open' ><main  role=\"main\" itemprop=\"mainContentOfPage\"  class='template-page content  av-content-small alpha units'><div class='post-entry post-entry-type-page post-entry-1845'><div class='entry-content-wrapper clearfix'>\n<section  class='av_textblock_section av-av_textblock-0366cc7376be6c9e82a3e9cc8987b64f'  itemscope=\"itemscope\" itemtype=\"https:\/\/schema.org\/CreativeWork\" ><div class='avia_textblock'  itemprop=\"text\" ><p style=\"text-align: center;font-size: 10px;letter-spacing: 10px\">LATEST GLAMOUR NEWS<\/p>\n<\/div><\/section>\n<div class='flex_column av-av_one_full-2a9015ff38129c418a3f2eafba3e9512 av_one_full  avia-builder-el-2  el_after_av_textblock  el_before_av_one_third  first flex_column_div column-top-margin'     ><style type=\"text\/css\" data-created_by=\"avia_inline_auto\" id=\"style-css-av-av_textblock-906d42dc4030a2b3f0aa06acf648031c\">\n#top .av_textblock_section.av-av_textblock-906d42dc4030a2b3f0aa06acf648031c .avia_textblock{\nfont-size:27px;\n}\n<\/style>\n<section  class='av_textblock_section av-av_textblock-906d42dc4030a2b3f0aa06acf648031c'  itemscope=\"itemscope\" itemtype=\"https:\/\/schema.org\/CreativeWork\" ><div class='avia_textblock'  itemprop=\"text\" ><p style=\"text-align: center;font-size: 22px;letter-spacing: 5px\">SPOTLIGHT ON&#8230;<\/p>\n<\/div><\/section><br \/>\n\n<style type=\"text\/css\" data-created_by=\"avia_inline_auto\" id=\"style-css-av-av_hr-5ea7596238ed9f191e6b5e662093052f\">\n#top .hr.hr-invisible.av-av_hr-5ea7596238ed9f191e6b5e662093052f{\nheight:30px;\n}\n<\/style>\n<div  class='hr av-av_hr-5ea7596238ed9f191e6b5e662093052f hr-invisible  avia-builder-el-4  el_after_av_textblock  avia-builder-el-last '><span class='hr-inner '><span class=\"hr-inner-style\"><\/span><\/span><\/div><\/p><\/div>\n<style type=\"text\/css\" data-created_by=\"avia_inline_auto\" id=\"style-css-av-av_one_third-352b07ef7d3bc99b2e9f92e7a9e06bdb\">\n.flex_column.av-av_one_third-352b07ef7d3bc99b2e9f92e7a9e06bdb{\n-webkit-border-radius:0px 0px 0px 0px;\n-moz-border-radius:0px 0px 0px 0px;\nborder-radius:0px 0px 0px 0px;\npadding:0px 0px 0px 0px;\n}\n<\/style>\n<div class='flex_column av-av_one_third-352b07ef7d3bc99b2e9f92e7a9e06bdb av_one_third  avia-builder-el-5  el_after_av_one_full  el_before_av_two_third  first flex_column_div av-zero-column-padding column-top-margin'     ><div  class='avia-slideshow av-av_slideshow-f346264601f2fe69a6a8f60eb7477c87 avia-slideshow-portfolio av_slideshow avia-slide-slider  avia-builder-el-6  avia-builder-el-no-sibling  av-slideshow-ui av-control-hidden av-no-slider-navigation av-hide-nav-arrows av-slideshow-autoplay av-loop-endless av-loop-manual-endless av-default-height-applied avia-slideshow-1' data-slideshow-options=\"{&quot;animation&quot;:&quot;slide&quot;,&quot;autoplay&quot;:true,&quot;loop_autoplay&quot;:&quot;endless&quot;,&quot;interval&quot;:3,&quot;loop_manual&quot;:&quot;manual-endless&quot;,&quot;autoplay_stopper&quot;:false,&quot;noNavigation&quot;:true,&quot;bg_slider&quot;:false,&quot;keep_padding&quot;:false,&quot;hoverpause&quot;:false,&quot;show_slide_delay&quot;:0}\"  itemprop=\"image\" itemscope=\"itemscope\" itemtype=\"https:\/\/schema.org\/ImageObject\" ><ul class='avia-slideshow-inner ' style='padding-bottom: 80.8080808081%;'><li  class='avia-slideshow-slide av-av_slideshow-f346264601f2fe69a6a8f60eb7477c87__0  slide-1 slide-odd'><div data-rel='slideshow-1' class='avia-slide-wrap '   ><div class='av-slideshow-caption av-av_slideshow-f346264601f2fe69a6a8f60eb7477c87__0 avia-caption'><div class=\"avia-inner-caption\"><h2 class='avia-caption-title '  itemprop=\"name\" >Pauline Lef\u00e8vre<\/h2><\/div><\/div><img decoding=\"async\" class=\"wp-image-1553 avia-img-lazy-loading-not-1553\"  src=\"https:\/\/www.couleurcaramel.ca\/wp-content\/uploads\/2015\/05\/11111617_1078860348795101_2614882005763139608_n-495x400.jpg\" width=\"495\" height=\"400\" title='11111617_1078860348795101_2614882005763139608_n' alt=''  itemprop=\"thumbnailUrl\" srcset=\"https:\/\/www.couleurcaramel.ca\/wp-content\/uploads\/2015\/05\/11111617_1078860348795101_2614882005763139608_n-495x400.jpg 495w, https:\/\/www.couleurcaramel.ca\/wp-content\/uploads\/2015\/05\/11111617_1078860348795101_2614882005763139608_n-845x684.jpg 845w\" sizes=\"(max-width: 495px) 100vw, 495px\" \/><\/div><\/li><li  class='avia-slideshow-slide av-av_slideshow-f346264601f2fe69a6a8f60eb7477c87__1  slide-2 slide-even'><div data-rel='slideshow-1' class='avia-slide-wrap '   ><div class='av-slideshow-caption av-av_slideshow-f346264601f2fe69a6a8f60eb7477c87__1 avia-caption'><div class=\"avia-inner-caption\"><h2 class='avia-caption-title '  itemprop=\"name\" >Gad Elmaleh<\/h2><\/div><\/div><img decoding=\"async\" class=\"wp-image-1582 avia-img-lazy-loading-not-1582\"  src=\"https:\/\/www.couleurcaramel.ca\/wp-content\/uploads\/2015\/06\/gad-elmaleh.jpg\" width=\"440\" height=\"356\" title='gad-elmaleh' alt=''  itemprop=\"thumbnailUrl\" srcset=\"https:\/\/www.couleurcaramel.ca\/wp-content\/uploads\/2015\/06\/gad-elmaleh.jpg 440w, https:\/\/www.couleurcaramel.ca\/wp-content\/uploads\/2015\/06\/gad-elmaleh-300x243.jpg 300w\" sizes=\"(max-width: 440px) 100vw, 440px\" \/><\/div><\/li><li  class='avia-slideshow-slide av-av_slideshow-f346264601f2fe69a6a8f60eb7477c87__2  slide-3 slide-odd'><div data-rel='slideshow-1' class='avia-slide-wrap '   ><div class='av-slideshow-caption av-av_slideshow-f346264601f2fe69a6a8f60eb7477c87__2 avia-caption'><div class=\"avia-inner-caption\"><h2 class='avia-caption-title '  itemprop=\"name\" >Estelle Lef\u00e9bure<\/h2><\/div><\/div><img decoding=\"async\" class=\"wp-image-1604 avia-img-lazy-loading-not-1604\"  src=\"https:\/\/www.couleurcaramel.ca\/wp-content\/uploads\/2015\/06\/11357550_947178835302699_765014970_n-495x400.jpg\" width=\"495\" height=\"400\" title='11357550_947178835302699_765014970_n' alt=''  itemprop=\"thumbnailUrl\"   \/><\/div><\/li><li  class='avia-slideshow-slide av-av_slideshow-f346264601f2fe69a6a8f60eb7477c87__3  slide-4 slide-even'><div data-rel='slideshow-1' class='avia-slide-wrap '   ><div class='av-slideshow-caption av-av_slideshow-f346264601f2fe69a6a8f60eb7477c87__3 avia-caption'><div class=\"avia-inner-caption\"><h2 class='avia-caption-title '  itemprop=\"name\" >Eva Longoria<\/h2><\/div><\/div><img decoding=\"async\" class=\"wp-image-1949 avia-img-lazy-loading-not-1949\"  src=\"https:\/\/www.couleurcaramel.ca\/wp-content\/uploads\/2015\/06\/IMG_0411-495x400.png\" width=\"495\" height=\"400\" title='IMG_0411' alt=''  itemprop=\"thumbnailUrl\"   \/><\/div><\/li><li  class='avia-slideshow-slide av-av_slideshow-f346264601f2fe69a6a8f60eb7477c87__4  slide-5 slide-odd'><div data-rel='slideshow-1' class='avia-slide-wrap '   ><div class='av-slideshow-caption av-av_slideshow-f346264601f2fe69a6a8f60eb7477c87__4 avia-caption'><div class=\"avia-inner-caption\"><h2 class='avia-caption-title '  itemprop=\"name\" >Patrick Dempsey<\/h2><\/div><\/div><img decoding=\"async\" class=\"wp-image-1951 avia-img-lazy-loading-not-1951\"  src=\"https:\/\/www.couleurcaramel.ca\/wp-content\/uploads\/2015\/06\/patrick-fred-428x400.jpg\" width=\"428\" height=\"400\" title='patrick fred' alt=''  itemprop=\"thumbnailUrl\"   \/><\/div><\/li><li  class='avia-slideshow-slide av-av_slideshow-f346264601f2fe69a6a8f60eb7477c87__5  slide-6 slide-even'><div data-rel='slideshow-1' class='avia-slide-wrap '   ><div class='av-slideshow-caption av-av_slideshow-f346264601f2fe69a6a8f60eb7477c87__5 avia-caption'><div class=\"avia-inner-caption\"><h2 class='avia-caption-title '  itemprop=\"name\" >Salma Hayek<\/h2><\/div><\/div><img decoding=\"async\" class=\"wp-image-1950 avia-img-lazy-loading-not-1950\"  src=\"https:\/\/www.couleurcaramel.ca\/wp-content\/uploads\/2015\/06\/facebook_1437152825195-495x400.jpg\" width=\"495\" height=\"400\" title='facebook_1437152825195' alt=''  itemprop=\"thumbnailUrl\" srcset=\"https:\/\/www.couleurcaramel.ca\/wp-content\/uploads\/2015\/06\/facebook_1437152825195-495x400.jpg 495w, https:\/\/www.couleurcaramel.ca\/wp-content\/uploads\/2015\/06\/facebook_1437152825195-845x684.jpg 845w\" sizes=\"(max-width: 495px) 100vw, 495px\" \/><\/div><\/li><li  class='avia-slideshow-slide av-av_slideshow-f346264601f2fe69a6a8f60eb7477c87__6  slide-7 slide-odd'><div data-rel='slideshow-1' class='avia-slide-wrap '   ><div class='av-slideshow-caption av-av_slideshow-f346264601f2fe69a6a8f60eb7477c87__6 avia-caption'><div class=\"avia-inner-caption\"><h2 class='avia-caption-title '  itemprop=\"name\" >Paris Hilton<\/h2><\/div><\/div><img decoding=\"async\" class=\"wp-image-1948 avia-img-lazy-loading-not-1948\"  src=\"https:\/\/www.couleurcaramel.ca\/wp-content\/uploads\/2015\/06\/fred-et-paris-474x400.jpg\" width=\"474\" height=\"400\" title='fred et paris' alt=''  itemprop=\"thumbnailUrl\"   \/><\/div><\/li><li  class='avia-slideshow-slide av-av_slideshow-f346264601f2fe69a6a8f60eb7477c87__7  slide-8 slide-even'><div data-rel='slideshow-1' class='avia-slide-wrap '   ><div class='av-slideshow-caption av-av_slideshow-f346264601f2fe69a6a8f60eb7477c87__7 avia-caption'><div class=\"avia-inner-caption\"><h2 class='avia-caption-title '  itemprop=\"name\" >Irina Shayk<\/h2><\/div><\/div><img decoding=\"async\" class=\"wp-image-1947 avia-img-lazy-loading-not-1947\"  src=\"https:\/\/www.couleurcaramel.ca\/wp-content\/uploads\/2015\/06\/facebook_1437148878342-305x400.jpg\" width=\"305\" height=\"400\" title='facebook_1437148878342' alt=''  itemprop=\"thumbnailUrl\"   \/><\/div><\/li><\/ul><div class='avia-slideshow-arrows avia-slideshow-controls' ><a href='#prev' class='prev-slide ' aria-hidden='true' data-av_icon='\ue87c' data-av_iconfont='entypo-fontello'  tabindex='-1'>Previous<\/a><a href='#next' class='next-slide ' aria-hidden='true' data-av_icon='\ue87d' data-av_iconfont='entypo-fontello'  tabindex='-1'>Next<\/a><\/div><\/div><\/div>\n<style type=\"text\/css\" data-created_by=\"avia_inline_auto\" id=\"style-css-av-av_two_third-2a64de42b738552fe666ca889af77e28\">\n.flex_column.av-av_two_third-2a64de42b738552fe666ca889af77e28{\n-webkit-border-radius:0px 0px 0px 0px;\n-moz-border-radius:0px 0px 0px 0px;\nborder-radius:0px 0px 0px 0px;\npadding:0px 0px 0px 0px;\n}\n<\/style>\n<div class='flex_column av-av_two_third-2a64de42b738552fe666ca889af77e28 av_two_third  avia-builder-el-7  el_after_av_one_third  avia-builder-el-last  flex_column_div av-zero-column-padding column-top-margin'     ><section  class='av_textblock_section av-av_textblock-0366cc7376be6c9e82a3e9cc8987b64f'  itemscope=\"itemscope\" itemtype=\"https:\/\/schema.org\/CreativeWork\" ><div class='avia_textblock'  itemprop=\"text\" ><h2><a href=\"http:\/\/naturecos.org\/couleurcaramel\/wp-content\/uploads\/2015\/06\/fred.jpg\"><img loading=\"lazy\" decoding=\"async\" class=\"alignleft wp-image-1944 size-full\" src=\"http:\/\/naturecos.org\/couleurcaramel\/wp-content\/uploads\/2015\/06\/fred.jpg\" alt=\"\" width=\"67\" height=\"100\" \/><\/a>Fr\u00e9d\u00e9rique ALCARAZ,<br \/>\n<span style=\"line-height: 1.5;font-size: 50%\">The ambassador of organic make-up to the stars!<\/span><\/h2>\n<p>For over 5 years, many celebrities in the fashion and audiovisual orlds have, thanks to Fr\u00e9d\u00e9rique ALCARAZ, discovered and liked Couleur Caramel products, both for their exceptional results and active properties, and for the ethical, responsible values the brand represents.<\/p>\n<p><span style=\"line-height: 1.5\">The winning partnership between\u00a0Couleur Caramel and Fr\u00e9d\u00e9rique ALCARAZ has seen the brand rise to being the<strong> benchmark of organic professional make-up<\/strong> at incredibly prestigious events such as the<strong> Cannes Film Festival<\/strong>,\u00a0<em>The<strong> NRJ Music Awards,<\/strong>France&#8217;s<strong>\u00a0Dancing with the Stars\u00a0<\/strong>and even <strong> The Paris Fashion Week&#8230;\u00a0<\/strong><\/em><\/span><\/p>\n<\/div><\/section><br \/>\n<div  class='avia-button-wrap av-av_button-b5e1c5edd632cec8a49daff842ef601d-wrap avia-button-left  avia-builder-el-9  el_after_av_textblock  avia-builder-el-last ' ><a href='https:\/\/www.couleurcaramel.ca\/en\/frederique-alcaraz-couleur-caramel-ambassador-artist\/'  class='avia-button av-av_button-b5e1c5edd632cec8a49daff842ef601d avia-icon_select-no avia-size-medium avia-position-left avia-color-theme-color'  target=\"_blank\"  rel=\"noopener noreferrer\"><span class='avia_iconbox_title' >Read the article about Fr\u00e9d\u00e9rique ALCARAZ<\/span><\/a><\/div><\/p><\/div><\/div><\/div><\/main><!-- close content main element --><\/div><\/div><div id='after_section_1'  class='main_color av_default_container_wrap container_wrap sidebar_right'  ><div class='container av-section-cont-open' ><div class='template-page content  av-content-small alpha units'><div class='post-entry post-entry-type-page post-entry-1845'><div class='entry-content-wrapper clearfix'><div class='flex_column av-av_one_full-2a9015ff38129c418a3f2eafba3e9512 av_one_full  avia-builder-el-10  el_after_av_section  avia-builder-el-no-sibling  first flex_column_div '     ><p>\n<style type=\"text\/css\" data-created_by=\"avia_inline_auto\" id=\"style-css-av-av_heading-da470b3a882ef6e1f9f767dcb186d3f2\">\n#top .av-special-heading.av-av_heading-da470b3a882ef6e1f9f767dcb186d3f2{\npadding-bottom:10px;\n}\nbody .av-special-heading.av-av_heading-da470b3a882ef6e1f9f767dcb186d3f2 .av-special-heading-tag .heading-char{\nfont-size:25px;\n}\n.av-special-heading.av-av_heading-da470b3a882ef6e1f9f767dcb186d3f2 .av-subheading{\nfont-size:15px;\n}\n<\/style>\n<div  class='av-special-heading av-av_heading-da470b3a882ef6e1f9f767dcb186d3f2 av-special-heading-h3 blockquote modern-quote modern-centered  avia-builder-el-11  el_before_av_blog  avia-builder-el-first '><h3 class='av-special-heading-tag'  itemprop=\"headline\"  >The latest glamour news from Couleur Caramel<\/h3><div class='av-subheading av-subheading_below'><p>Features in fashion mags, gossip mags, media events&#8230;<\/p>\n<\/div><div class=\"special-heading-border\"><div class=\"special-heading-inner-border\"><\/div><\/div><\/div><br \/>\n<div  data-slideshow-options=\"{&quot;animation&quot;:&quot;fade&quot;,&quot;autoplay&quot;:false,&quot;loop_autoplay&quot;:&quot;once&quot;,&quot;interval&quot;:5,&quot;loop_manual&quot;:&quot;manual-endless&quot;,&quot;autoplay_stopper&quot;:false,&quot;noNavigation&quot;:false,&quot;show_slide_delay&quot;:90}\" class='avia-content-slider avia-content-grid-active avia-content-slider1 avia-content-slider-odd  avia-builder-el-12  el_after_av_heading  avia-builder-el-last  av-slideshow-ui av-control-default   av-no-slider-navigation av-slideshow-manual av-loop-once av-loop-manual-endless '  itemscope=\"itemscope\" itemtype=\"https:\/\/schema.org\/Blog\" ><div class=\"avia-content-slider-inner\"><div class=\"slide-entry-wrap\"><article class='slide-entry flex_column  post-entry post-entry-2329 slide-entry-overview slide-loop-1 slide-parity-odd  av_one_third first real-thumbnail post-format-standard'  itemscope=\"itemscope\" itemtype=\"https:\/\/schema.org\/CreativeWork\" ><a href='https:\/\/www.couleurcaramel.ca\/en\/couleur-caramel-is-again-partner-of-the-ceremonie-des-lumieres\/' data-rel='slide-1' class='slide-image' title='Couleur caramel is again partner of the \u201cc\u00e9r\u00e9monie des Lumi\u00e8res !\u201d'><img decoding=\"async\" width=\"495\" height=\"400\" src=\"https:\/\/www.couleurcaramel.ca\/wp-content\/uploads\/2016\/05\/1-3-495x400.jpg\" class=\"wp-image-2327 avia-img-lazy-loading-not-2327 attachment-portfolio size-portfolio wp-post-image\" alt=\"\" \/><\/a><div class=\"slide-content\"><header class=\"entry-content-header\"><h3 class='slide-entry-title entry-title '  itemprop=\"headline\" ><a href='https:\/\/www.couleurcaramel.ca\/en\/couleur-caramel-is-again-partner-of-the-ceremonie-des-lumieres\/' title='Couleur caramel is again partner of the \u201cc\u00e9r\u00e9monie des Lumi\u00e8res !\u201d'>Couleur caramel is again partner of the \u201cc\u00e9r\u00e9monie des Lumi\u00e8res !\u201d<\/a><\/h3><span class=\"blog-categories minor-meta\"><a href=\"https:\/\/www.couleurcaramel.ca\/en\/category\/couleur-caramel-news\/glamour-side\/\" rel=\"tag\">GLAMOUR side<\/a> <\/span><span class=\"av-vertical-delimiter\"><\/span><\/header><\/div><footer class=\"entry-footer\"><\/footer><span class='hidden'>\n\t\t\t\t<span class='av-structured-data'  itemprop=\"image\" itemscope=\"itemscope\" itemtype=\"https:\/\/schema.org\/ImageObject\" >\n\t\t\t\t\t\t<span itemprop='url'>https:\/\/www.couleurcaramel.ca\/wp-content\/uploads\/2016\/05\/1-3.jpg<\/span>\n\t\t\t\t\t\t<span itemprop='height'>523<\/span>\n\t\t\t\t\t\t<span itemprop='width'>1573<\/span>\n\t\t\t\t<\/span>\n\t\t\t\t<span class='av-structured-data'  itemprop=\"publisher\" itemtype=\"https:\/\/schema.org\/Organization\" itemscope=\"itemscope\" >\n\t\t\t\t\t\t<span itemprop='name'>mlepage<\/span>\n\t\t\t\t\t\t<span itemprop='logo' itemscope itemtype='https:\/\/schema.org\/ImageObject'>\n\t\t\t\t\t\t\t<span itemprop='url'>https:\/\/couleurcaramel.ca\/wp-content\/uploads\/2020\/12\/boutique-couleur-caramel-logo.png<\/span>\n\t\t\t\t\t\t <\/span>\n\t\t\t\t<\/span><span class='av-structured-data'  itemprop=\"author\" itemscope=\"itemscope\" itemtype=\"https:\/\/schema.org\/Person\" ><span itemprop='name'>mlepage<\/span><\/span><span class='av-structured-data'  itemprop=\"datePublished\" datetime=\"2015-07-16T10:35:22-04:00\" >2016-05-10 15:23:40<\/span><span class='av-structured-data'  itemprop=\"dateModified\" itemtype=\"https:\/\/schema.org\/dateModified\" >2016-05-10 15:25:45<\/span><span class='av-structured-data'  itemprop=\"mainEntityOfPage\" itemtype=\"https:\/\/schema.org\/mainEntityOfPage\" ><span itemprop='name'>Couleur caramel is again partner of the \u201cc\u00e9r\u00e9monie des Lumi\u00e8res !\u201d<\/span><\/span><\/span><\/article><article class='slide-entry flex_column  post-entry post-entry-2273 slide-entry-overview slide-loop-2 slide-parity-even  av_one_third  real-thumbnail post-format-standard'  itemscope=\"itemscope\" itemtype=\"https:\/\/schema.org\/CreativeWork\" ><a href='https:\/\/www.couleurcaramel.ca\/en\/clin-doeil-december-2015\/' data-rel='slide-1' class='slide-image' title='Clin d&#8217;oeil, December 2015'><img decoding=\"async\" width=\"495\" height=\"400\" src=\"https:\/\/www.couleurcaramel.ca\/wp-content\/uploads\/2015\/04\/clin-doeil-dec-2015web2-495x400.jpg\" class=\"wp-image-2269 avia-img-lazy-loading-not-2269 attachment-portfolio size-portfolio wp-post-image\" alt=\"\" \/><\/a><div class=\"slide-content\"><header class=\"entry-content-header\"><h3 class='slide-entry-title entry-title '  itemprop=\"headline\" ><a href='https:\/\/www.couleurcaramel.ca\/en\/clin-doeil-december-2015\/' title='Clin d&#8217;oeil, December 2015'>Clin d&#8217;oeil, December 2015<\/a><\/h3><span class=\"blog-categories minor-meta\"><a href=\"https:\/\/www.couleurcaramel.ca\/en\/category\/couleur-caramel-news\/glamour-side\/\" rel=\"tag\">GLAMOUR side<\/a> <\/span><span class=\"av-vertical-delimiter\"><\/span><\/header><\/div><footer class=\"entry-footer\"><\/footer><span class='hidden'>\n\t\t\t\t<span class='av-structured-data'  itemprop=\"image\" itemscope=\"itemscope\" itemtype=\"https:\/\/schema.org\/ImageObject\" >\n\t\t\t\t\t\t<span itemprop='url'>https:\/\/www.couleurcaramel.ca\/wp-content\/uploads\/2015\/04\/clin-doeil-dec-2015web2.jpg<\/span>\n\t\t\t\t\t\t<span itemprop='height'>564<\/span>\n\t\t\t\t\t\t<span itemprop='width'>564<\/span>\n\t\t\t\t<\/span>\n\t\t\t\t<span class='av-structured-data'  itemprop=\"publisher\" itemtype=\"https:\/\/schema.org\/Organization\" itemscope=\"itemscope\" >\n\t\t\t\t\t\t<span itemprop='name'>mlepage<\/span>\n\t\t\t\t\t\t<span itemprop='logo' itemscope itemtype='https:\/\/schema.org\/ImageObject'>\n\t\t\t\t\t\t\t<span itemprop='url'>https:\/\/couleurcaramel.ca\/wp-content\/uploads\/2020\/12\/boutique-couleur-caramel-logo.png<\/span>\n\t\t\t\t\t\t <\/span>\n\t\t\t\t<\/span><span class='av-structured-data'  itemprop=\"author\" itemscope=\"itemscope\" itemtype=\"https:\/\/schema.org\/Person\" ><span itemprop='name'>mlepage<\/span><\/span><span class='av-structured-data'  itemprop=\"datePublished\" datetime=\"2015-07-16T10:35:22-04:00\" >2015-12-07 18:37:01<\/span><span class='av-structured-data'  itemprop=\"dateModified\" itemtype=\"https:\/\/schema.org\/dateModified\" >2015-12-07 18:48:14<\/span><span class='av-structured-data'  itemprop=\"mainEntityOfPage\" itemtype=\"https:\/\/schema.org\/mainEntityOfPage\" ><span itemprop='name'>Clin d&#8217;oeil, December 2015<\/span><\/span><\/span><\/article><article class='slide-entry flex_column  post-entry post-entry-1775 slide-entry-overview slide-loop-3 slide-parity-odd  av_one_third  real-thumbnail post-format-standard'  itemscope=\"itemscope\" itemtype=\"https:\/\/schema.org\/CreativeWork\" ><a href='https:\/\/www.couleurcaramel.ca\/en\/fashion-show-by-silvian-heach\/' data-rel='slide-1' class='slide-image' title='Fashion show by SILVIAN HEACH'><img decoding=\"async\" width=\"254\" height=\"200\" src=\"https:\/\/www.couleurcaramel.ca\/wp-content\/uploads\/2015\/06\/a-la-une-plaza2.jpg\" class=\"wp-image-1758 avia-img-lazy-loading-not-1758 attachment-portfolio size-portfolio wp-post-image\" alt=\"\" srcset=\"https:\/\/www.couleurcaramel.ca\/wp-content\/uploads\/2015\/06\/a-la-une-plaza2.jpg 254w, https:\/\/www.couleurcaramel.ca\/wp-content\/uploads\/2015\/06\/a-la-une-plaza2-100x79.jpg 100w\" sizes=\"(max-width: 254px) 100vw, 254px\" \/><\/a><div class=\"slide-content\"><header class=\"entry-content-header\"><h3 class='slide-entry-title entry-title '  itemprop=\"headline\" ><a href='https:\/\/www.couleurcaramel.ca\/en\/fashion-show-by-silvian-heach\/' title='Fashion show by SILVIAN HEACH'>Fashion show by SILVIAN HEACH<\/a><\/h3><span class=\"blog-categories minor-meta\"><a href=\"https:\/\/www.couleurcaramel.ca\/en\/category\/couleur-caramel-news\/\" rel=\"tag\">couleur-caramel-news<\/a>, <a href=\"https:\/\/www.couleurcaramel.ca\/en\/category\/couleur-caramel-news\/frederique-alcaraz-en\/\" rel=\"tag\">Fr\u00e9d\u00e9rique Alcaraz @en<\/a>, <a href=\"https:\/\/www.couleurcaramel.ca\/en\/category\/couleur-caramel-news\/glamour-side\/\" rel=\"tag\">GLAMOUR side<\/a> <\/span><span class=\"av-vertical-delimiter\"><\/span><\/header><\/div><footer class=\"entry-footer\"><\/footer><span class='hidden'>\n\t\t\t\t<span class='av-structured-data'  itemprop=\"image\" itemscope=\"itemscope\" itemtype=\"https:\/\/schema.org\/ImageObject\" >\n\t\t\t\t\t\t<span itemprop='url'>https:\/\/www.couleurcaramel.ca\/wp-content\/uploads\/2015\/06\/a-la-une-plaza2.jpg<\/span>\n\t\t\t\t\t\t<span itemprop='height'>200<\/span>\n\t\t\t\t\t\t<span itemprop='width'>254<\/span>\n\t\t\t\t<\/span>\n\t\t\t\t<span class='av-structured-data'  itemprop=\"publisher\" itemtype=\"https:\/\/schema.org\/Organization\" itemscope=\"itemscope\" >\n\t\t\t\t\t\t<span itemprop='name'>nc-administ<\/span>\n\t\t\t\t\t\t<span itemprop='logo' itemscope itemtype='https:\/\/schema.org\/ImageObject'>\n\t\t\t\t\t\t\t<span itemprop='url'>https:\/\/couleurcaramel.ca\/wp-content\/uploads\/2020\/12\/boutique-couleur-caramel-logo.png<\/span>\n\t\t\t\t\t\t <\/span>\n\t\t\t\t<\/span><span class='av-structured-data'  itemprop=\"author\" itemscope=\"itemscope\" itemtype=\"https:\/\/schema.org\/Person\" ><span itemprop='name'>nc-administ<\/span><\/span><span class='av-structured-data'  itemprop=\"datePublished\" datetime=\"2015-07-16T10:35:22-04:00\" >2015-07-02 06:23:39<\/span><span class='av-structured-data'  itemprop=\"dateModified\" itemtype=\"https:\/\/schema.org\/dateModified\" >2015-07-21 10:51:31<\/span><span class='av-structured-data'  itemprop=\"mainEntityOfPage\" itemtype=\"https:\/\/schema.org\/mainEntityOfPage\" ><span itemprop='name'>Fashion show by SILVIAN HEACH<\/span><\/span><\/span><\/article><\/div><div class=\"slide-entry-wrap\"><article class='slide-entry flex_column  post-entry post-entry-1877 slide-entry-overview slide-loop-4 slide-parity-odd  av_one_third first real-thumbnail post-format-standard'  itemscope=\"itemscope\" itemtype=\"https:\/\/schema.org\/CreativeWork\" ><a href='https:\/\/www.couleurcaramel.ca\/en\/in-magazine-dubai\/' data-rel='slide-1' class='slide-image' title='In Magazine, Dubai'><img decoding=\"async\" width=\"495\" height=\"400\" src=\"https:\/\/www.couleurcaramel.ca\/wp-content\/uploads\/2015\/06\/repost_temp-495x400.png\" class=\"wp-image-1649 avia-img-lazy-loading-not-1649 attachment-portfolio size-portfolio wp-post-image\" alt=\"\" \/><\/a><div class=\"slide-content\"><header class=\"entry-content-header\"><h3 class='slide-entry-title entry-title '  itemprop=\"headline\" ><a href='https:\/\/www.couleurcaramel.ca\/en\/in-magazine-dubai\/' title='In Magazine, Dubai'>In Magazine, Dubai<\/a><\/h3><span class=\"blog-categories minor-meta\"><a href=\"https:\/\/www.couleurcaramel.ca\/en\/category\/couleur-caramel-news\/frederique-alcaraz-en\/\" rel=\"tag\">Fr\u00e9d\u00e9rique Alcaraz @en<\/a>, <a href=\"https:\/\/www.couleurcaramel.ca\/en\/category\/couleur-caramel-news\/glamour-side\/\" rel=\"tag\">GLAMOUR side<\/a> <\/span><span class=\"av-vertical-delimiter\"><\/span><\/header><\/div><footer class=\"entry-footer\"><\/footer><span class='hidden'>\n\t\t\t\t<span class='av-structured-data'  itemprop=\"image\" itemscope=\"itemscope\" itemtype=\"https:\/\/schema.org\/ImageObject\" >\n\t\t\t\t\t\t<span itemprop='url'>https:\/\/www.couleurcaramel.ca\/wp-content\/uploads\/2015\/06\/repost_temp.png<\/span>\n\t\t\t\t\t\t<span itemprop='height'>640<\/span>\n\t\t\t\t\t\t<span itemprop='width'>640<\/span>\n\t\t\t\t<\/span>\n\t\t\t\t<span class='av-structured-data'  itemprop=\"publisher\" itemtype=\"https:\/\/schema.org\/Organization\" itemscope=\"itemscope\" >\n\t\t\t\t\t\t<span itemprop='name'>nc-administ<\/span>\n\t\t\t\t\t\t<span itemprop='logo' itemscope itemtype='https:\/\/schema.org\/ImageObject'>\n\t\t\t\t\t\t\t<span itemprop='url'>https:\/\/couleurcaramel.ca\/wp-content\/uploads\/2020\/12\/boutique-couleur-caramel-logo.png<\/span>\n\t\t\t\t\t\t <\/span>\n\t\t\t\t<\/span><span class='av-structured-data'  itemprop=\"author\" itemscope=\"itemscope\" itemtype=\"https:\/\/schema.org\/Person\" ><span itemprop='name'>nc-administ<\/span><\/span><span class='av-structured-data'  itemprop=\"datePublished\" datetime=\"2015-07-16T10:35:22-04:00\" >2015-06-18 06:45:03<\/span><span class='av-structured-data'  itemprop=\"dateModified\" itemtype=\"https:\/\/schema.org\/dateModified\" >2015-07-21 10:52:31<\/span><span class='av-structured-data'  itemprop=\"mainEntityOfPage\" itemtype=\"https:\/\/schema.org\/mainEntityOfPage\" ><span itemprop='name'>In Magazine, Dubai<\/span><\/span><\/span><\/article><article class='slide-entry flex_column  post-entry post-entry-1889 slide-entry-overview slide-loop-5 slide-parity-even  av_one_third  real-thumbnail post-format-standard'  itemscope=\"itemscope\" itemtype=\"https:\/\/schema.org\/CreativeWork\" ><a href='https:\/\/www.couleurcaramel.ca\/en\/cannes-film-festival-couleur-caramel-croisette\/' data-rel='slide-1' class='slide-image' title='CANNES FILM FESTIVAL 2015'><img decoding=\"async\" width=\"495\" height=\"400\" src=\"https:\/\/www.couleurcaramel.ca\/wp-content\/uploads\/2015\/05\/SP3-495x400.jpg\" class=\"wp-image-1451 avia-img-lazy-loading-not-1451 attachment-portfolio size-portfolio wp-post-image\" alt=\"Festival de Cannes : le maquillage bio c&#039;est glamour\" \/><\/a><div class=\"slide-content\"><header class=\"entry-content-header\"><h3 class='slide-entry-title entry-title '  itemprop=\"headline\" ><a href='https:\/\/www.couleurcaramel.ca\/en\/cannes-film-festival-couleur-caramel-croisette\/' title='CANNES FILM FESTIVAL 2015'>CANNES FILM FESTIVAL 2015<\/a><\/h3><span class=\"blog-categories minor-meta\"><a href=\"https:\/\/www.couleurcaramel.ca\/en\/category\/couleur-caramel-news\/\" rel=\"tag\">couleur-caramel-news<\/a>, <a href=\"https:\/\/www.couleurcaramel.ca\/en\/category\/couleur-caramel-news\/frederique-alcaraz-en\/\" rel=\"tag\">Fr\u00e9d\u00e9rique Alcaraz @en<\/a>, <a href=\"https:\/\/www.couleurcaramel.ca\/en\/category\/couleur-caramel-news\/glamour-side\/\" rel=\"tag\">GLAMOUR side<\/a> <\/span><span class=\"av-vertical-delimiter\"><\/span><\/header><\/div><footer class=\"entry-footer\"><\/footer><span class='hidden'>\n\t\t\t\t<span class='av-structured-data'  itemprop=\"image\" itemscope=\"itemscope\" itemtype=\"https:\/\/schema.org\/ImageObject\" >\n\t\t\t\t\t\t<span itemprop='url'>https:\/\/www.couleurcaramel.ca\/wp-content\/uploads\/2015\/05\/SP3.jpg<\/span>\n\t\t\t\t\t\t<span itemprop='height'>439<\/span>\n\t\t\t\t\t\t<span itemprop='width'>1124<\/span>\n\t\t\t\t<\/span>\n\t\t\t\t<span class='av-structured-data'  itemprop=\"publisher\" itemtype=\"https:\/\/schema.org\/Organization\" itemscope=\"itemscope\" >\n\t\t\t\t\t\t<span itemprop='name'>mlepage<\/span>\n\t\t\t\t\t\t<span itemprop='logo' itemscope itemtype='https:\/\/schema.org\/ImageObject'>\n\t\t\t\t\t\t\t<span itemprop='url'>https:\/\/couleurcaramel.ca\/wp-content\/uploads\/2020\/12\/boutique-couleur-caramel-logo.png<\/span>\n\t\t\t\t\t\t <\/span>\n\t\t\t\t<\/span><span class='av-structured-data'  itemprop=\"author\" itemscope=\"itemscope\" itemtype=\"https:\/\/schema.org\/Person\" ><span itemprop='name'>mlepage<\/span><\/span><span class='av-structured-data'  itemprop=\"datePublished\" datetime=\"2015-07-16T10:35:22-04:00\" >2015-05-18 11:20:26<\/span><span class='av-structured-data'  itemprop=\"dateModified\" itemtype=\"https:\/\/schema.org\/dateModified\" >2015-07-21 10:53:29<\/span><span class='av-structured-data'  itemprop=\"mainEntityOfPage\" itemtype=\"https:\/\/schema.org\/mainEntityOfPage\" ><span itemprop='name'>CANNES FILM FESTIVAL 2015<\/span><\/span><\/span><\/article><article class='slide-entry flex_column  post-entry post-entry-1902 slide-entry-overview slide-loop-6 slide-parity-odd  av_one_third  real-thumbnail post-format-standard'  itemscope=\"itemscope\" itemtype=\"https:\/\/schema.org\/CreativeWork\" ><a href='https:\/\/www.couleurcaramel.ca\/en\/tour-eiffel-paris-television\/' data-rel='slide-1' class='slide-image' title='THE SHOOTING OF &#8220;UN SOIR A LA TOUR EIFFEL&#8221;-FRANCE 2'><img decoding=\"async\" width=\"495\" height=\"400\" src=\"https:\/\/www.couleurcaramel.ca\/wp-content\/uploads\/2015\/05\/11188270_1067973683217101_5377325100227795218_n-495x400.jpg\" class=\"wp-image-1465 avia-img-lazy-loading-not-1465 attachment-portfolio size-portfolio wp-post-image\" alt=\"\" \/><\/a><div class=\"slide-content\"><header class=\"entry-content-header\"><h3 class='slide-entry-title entry-title '  itemprop=\"headline\" ><a href='https:\/\/www.couleurcaramel.ca\/en\/tour-eiffel-paris-television\/' title='THE SHOOTING OF &#8220;UN SOIR A LA TOUR EIFFEL&#8221;-FRANCE 2'>THE SHOOTING OF &#8220;UN SOIR A LA TOUR EIFFEL&#8221;-FRANCE 2<\/a><\/h3><span class=\"blog-categories minor-meta\"><a href=\"https:\/\/www.couleurcaramel.ca\/en\/category\/couleur-caramel-news\/\" rel=\"tag\">couleur-caramel-news<\/a>, <a href=\"https:\/\/www.couleurcaramel.ca\/en\/category\/couleur-caramel-news\/frederique-alcaraz-en\/\" rel=\"tag\">Fr\u00e9d\u00e9rique Alcaraz @en<\/a>, <a href=\"https:\/\/www.couleurcaramel.ca\/en\/category\/couleur-caramel-news\/glamour-side\/\" rel=\"tag\">GLAMOUR side<\/a> <\/span><span class=\"av-vertical-delimiter\"><\/span><\/header><\/div><footer class=\"entry-footer\"><\/footer><span class='hidden'>\n\t\t\t\t<span class='av-structured-data'  itemprop=\"image\" itemscope=\"itemscope\" itemtype=\"https:\/\/schema.org\/ImageObject\" >\n\t\t\t\t\t\t<span itemprop='url'>https:\/\/www.couleurcaramel.ca\/wp-content\/uploads\/2015\/05\/11188270_1067973683217101_5377325100227795218_n.jpg<\/span>\n\t\t\t\t\t\t<span itemprop='height'>960<\/span>\n\t\t\t\t\t\t<span itemprop='width'>528<\/span>\n\t\t\t\t<\/span>\n\t\t\t\t<span class='av-structured-data'  itemprop=\"publisher\" itemtype=\"https:\/\/schema.org\/Organization\" itemscope=\"itemscope\" >\n\t\t\t\t\t\t<span itemprop='name'>mlepage<\/span>\n\t\t\t\t\t\t<span itemprop='logo' itemscope itemtype='https:\/\/schema.org\/ImageObject'>\n\t\t\t\t\t\t\t<span itemprop='url'>https:\/\/couleurcaramel.ca\/wp-content\/uploads\/2020\/12\/boutique-couleur-caramel-logo.png<\/span>\n\t\t\t\t\t\t <\/span>\n\t\t\t\t<\/span><span class='av-structured-data'  itemprop=\"author\" itemscope=\"itemscope\" itemtype=\"https:\/\/schema.org\/Person\" ><span itemprop='name'>mlepage<\/span><\/span><span class='av-structured-data'  itemprop=\"datePublished\" datetime=\"2015-07-16T10:35:22-04:00\" >2015-05-06 11:24:14<\/span><span class='av-structured-data'  itemprop=\"dateModified\" itemtype=\"https:\/\/schema.org\/dateModified\" >2015-07-21 10:56:08<\/span><span class='av-structured-data'  itemprop=\"mainEntityOfPage\" itemtype=\"https:\/\/schema.org\/mainEntityOfPage\" ><span itemprop='name'>THE SHOOTING OF &#8220;UN SOIR A LA TOUR EIFFEL&#8221;-FRANCE 2<\/span><\/span><\/span><\/article><\/div><div class=\"slide-entry-wrap\"><article class='slide-entry flex_column  post-entry post-entry-1376 slide-entry-overview slide-loop-7 slide-parity-odd  av_one_third first real-thumbnail post-format-standard'  itemscope=\"itemscope\" itemtype=\"https:\/\/schema.org\/CreativeWork\" ><a href='https:\/\/www.couleurcaramel.ca\/en\/the-prix-lumieres-2015\/' data-rel='slide-1' class='slide-image' title='The Prix Lumi\u00e8res 2015'><img decoding=\"async\" width=\"495\" height=\"331\" src=\"https:\/\/www.couleurcaramel.ca\/wp-content\/uploads\/2015\/03\/arton9822-495x331.jpg\" class=\"wp-image-42062 avia-img-lazy-loading-not-42062 attachment-portfolio size-portfolio wp-post-image\" alt=\"\" \/><\/a><div class=\"slide-content\"><header class=\"entry-content-header\"><h3 class='slide-entry-title entry-title '  itemprop=\"headline\" ><a href='https:\/\/www.couleurcaramel.ca\/en\/the-prix-lumieres-2015\/' title='The Prix Lumi\u00e8res 2015'>The Prix Lumi\u00e8res 2015<\/a><\/h3><span class=\"blog-categories minor-meta\"><a href=\"https:\/\/www.couleurcaramel.ca\/en\/category\/couleur-caramel-news\/\" rel=\"tag\">couleur-caramel-news<\/a>, <a href=\"https:\/\/www.couleurcaramel.ca\/en\/category\/couleur-caramel-news\/frederique-alcaraz-en\/\" rel=\"tag\">Fr\u00e9d\u00e9rique Alcaraz @en<\/a>, <a href=\"https:\/\/www.couleurcaramel.ca\/en\/category\/couleur-caramel-news\/glamour-side\/\" rel=\"tag\">GLAMOUR side<\/a> <\/span><span class=\"av-vertical-delimiter\"><\/span><\/header><\/div><footer class=\"entry-footer\"><\/footer><span class='hidden'>\n\t\t\t\t<span class='av-structured-data'  itemprop=\"image\" itemscope=\"itemscope\" itemtype=\"https:\/\/schema.org\/ImageObject\" >\n\t\t\t\t\t\t<span itemprop='url'>https:\/\/www.couleurcaramel.ca\/wp-content\/uploads\/2015\/03\/arton9822.jpg<\/span>\n\t\t\t\t\t\t<span itemprop='height'>331<\/span>\n\t\t\t\t\t\t<span itemprop='width'>600<\/span>\n\t\t\t\t<\/span>\n\t\t\t\t<span class='av-structured-data'  itemprop=\"publisher\" itemtype=\"https:\/\/schema.org\/Organization\" itemscope=\"itemscope\" >\n\t\t\t\t\t\t<span itemprop='name'>nc-administ<\/span>\n\t\t\t\t\t\t<span itemprop='logo' itemscope itemtype='https:\/\/schema.org\/ImageObject'>\n\t\t\t\t\t\t\t<span itemprop='url'>https:\/\/couleurcaramel.ca\/wp-content\/uploads\/2020\/12\/boutique-couleur-caramel-logo.png<\/span>\n\t\t\t\t\t\t <\/span>\n\t\t\t\t<\/span><span class='av-structured-data'  itemprop=\"author\" itemscope=\"itemscope\" itemtype=\"https:\/\/schema.org\/Person\" ><span itemprop='name'>nc-administ<\/span><\/span><span class='av-structured-data'  itemprop=\"datePublished\" datetime=\"2015-07-16T10:35:22-04:00\" >2015-04-11 15:22:27<\/span><span class='av-structured-data'  itemprop=\"dateModified\" itemtype=\"https:\/\/schema.org\/dateModified\" >2025-01-21 09:23:40<\/span><span class='av-structured-data'  itemprop=\"mainEntityOfPage\" itemtype=\"https:\/\/schema.org\/mainEntityOfPage\" ><span itemprop='name'>The Prix Lumi\u00e8res 2015<\/span><\/span><\/span><\/article><article class='slide-entry flex_column  post-entry post-entry-1908 slide-entry-overview slide-loop-8 slide-parity-even  post-entry-last  av_one_third  fake-thumbnail post-format-standard'  itemscope=\"itemscope\" itemtype=\"https:\/\/schema.org\/CreativeWork\" ><a href='https:\/\/www.couleurcaramel.ca\/en\/alpe-dhuez-film-festival\/' data-rel='slide-1' class='slide-image' title='Alpe d&#8217;Huez Film Festival'><span class='fallback-post-type-icon' aria-hidden='true' data-av_icon='\ue836' data-av_iconfont='entypo-fontello'><\/span><span class='slider-fallback-image'><img decoding=\"async\" width=\"495\" height=\"331\" src=\"https:\/\/www.couleurcaramel.ca\/wp-content\/uploads\/2015\/03\/arton9822-495x331.jpg\" class=\"wp-image-42062 avia-img-lazy-loading-not-42062 attachment-portfolio size-portfolio wp-post-image\" alt=\"\" \/><\/span><\/a><div class=\"slide-content\"><header class=\"entry-content-header\"><h3 class='slide-entry-title entry-title '  itemprop=\"headline\" ><a href='https:\/\/www.couleurcaramel.ca\/en\/alpe-dhuez-film-festival\/' title='Alpe d&#8217;Huez Film Festival'>Alpe d&#8217;Huez Film Festival<\/a><\/h3><span class=\"blog-categories minor-meta\"><a href=\"https:\/\/www.couleurcaramel.ca\/en\/category\/couleur-caramel-news\/\" rel=\"tag\">couleur-caramel-news<\/a>, <a href=\"https:\/\/www.couleurcaramel.ca\/en\/category\/couleur-caramel-news\/frederique-alcaraz-en\/\" rel=\"tag\">Fr\u00e9d\u00e9rique Alcaraz @en<\/a>, <a href=\"https:\/\/www.couleurcaramel.ca\/en\/category\/couleur-caramel-news\/glamour-side\/\" rel=\"tag\">GLAMOUR side<\/a> <\/span><span class=\"av-vertical-delimiter\"><\/span><\/header><\/div><footer class=\"entry-footer\"><\/footer><span class='hidden'>\n\t\t\t\t<span class='av-structured-data'  itemprop=\"image\" itemscope=\"itemscope\" itemtype=\"https:\/\/schema.org\/ImageObject\" >\n\t\t\t\t\t\t<span itemprop='url'>https:\/\/couleurcaramel.ca\/wp-content\/uploads\/2020\/12\/boutique-couleur-caramel-logo.png<\/span>\n\t\t\t\t\t\t<span itemprop='height'>0<\/span>\n\t\t\t\t\t\t<span itemprop='width'>0<\/span>\n\t\t\t\t<\/span>\n\t\t\t\t<span class='av-structured-data'  itemprop=\"publisher\" itemtype=\"https:\/\/schema.org\/Organization\" itemscope=\"itemscope\" >\n\t\t\t\t\t\t<span itemprop='name'>mlepage<\/span>\n\t\t\t\t\t\t<span itemprop='logo' itemscope itemtype='https:\/\/schema.org\/ImageObject'>\n\t\t\t\t\t\t\t<span itemprop='url'>https:\/\/couleurcaramel.ca\/wp-content\/uploads\/2020\/12\/boutique-couleur-caramel-logo.png<\/span>\n\t\t\t\t\t\t <\/span>\n\t\t\t\t<\/span><span class='av-structured-data'  itemprop=\"author\" itemscope=\"itemscope\" itemtype=\"https:\/\/schema.org\/Person\" ><span itemprop='name'>mlepage<\/span><\/span><span class='av-structured-data'  itemprop=\"datePublished\" datetime=\"2015-07-16T10:35:22-04:00\" >2015-01-08 10:04:12<\/span><span class='av-structured-data'  itemprop=\"dateModified\" itemtype=\"https:\/\/schema.org\/dateModified\" >2015-07-21 11:00:30<\/span><span class='av-structured-data'  itemprop=\"mainEntityOfPage\" itemtype=\"https:\/\/schema.org\/mainEntityOfPage\" ><span itemprop='name'>Alpe d&#8217;Huez Film Festival<\/span><\/span><\/span><\/article><\/div><\/div><\/div><\/p><\/div><\/p>\n","protected":false},"excerpt":{"rendered":"","protected":false},"author":3,"featured_media":0,"parent":1348,"menu_order":10,"comment_status":"closed","ping_status":"closed","template":"","meta":{"_acf_changed":false,"footnotes":""},"class_list":["post-1845","page","type-page","status-publish","hentry"],"acf":[],"jetpack_sharing_enabled":true,"_links":{"self":[{"href":"https:\/\/www.couleurcaramel.ca\/en\/wp-json\/wp\/v2\/pages\/1845","targetHints":{"allow":["GET"]}}],"collection":[{"href":"https:\/\/www.couleurcaramel.ca\/en\/wp-json\/wp\/v2\/pages"}],"about":[{"href":"https:\/\/www.couleurcaramel.ca\/en\/wp-json\/wp\/v2\/types\/page"}],"author":[{"embeddable":true,"href":"https:\/\/www.couleurcaramel.ca\/en\/wp-json\/wp\/v2\/users\/3"}],"replies":[{"embeddable":true,"href":"https:\/\/www.couleurcaramel.ca\/en\/wp-json\/wp\/v2\/comments?post=1845"}],"version-history":[{"count":0,"href":"https:\/\/www.couleurcaramel.ca\/en\/wp-json\/wp\/v2\/pages\/1845\/revisions"}],"up":[{"embeddable":true,"href":"https:\/\/www.couleurcaramel.ca\/en\/wp-json\/wp\/v2\/pages\/1348"}],"wp:attachment":[{"href":"https:\/\/www.couleurcaramel.ca\/en\/wp-json\/wp\/v2\/media?parent=1845"}],"curies":[{"name":"wp","href":"https:\/\/api.w.org\/{rel}","templated":true}]}}